{"id":9840,"date":"2020-11-04T14:28:56","date_gmt":"2020-11-04T17:28:56","guid":{"rendered":"https:\/\/www.lojamelhordosul.com.br\/site\/?post_type=product&#038;p=9840"},"modified":"2025-07-31T14:24:43","modified_gmt":"2025-07-31T17:24:43","slug":"cerca-concertina-ourico-30cm-p-8m-muro-galvalume-farpado","status":"publish","type":"product","link":"https:\/\/www.lojamelhordosul.com.br\/site\/produto\/cerca-concertina-ourico-30cm-p-8m-muro-galvalume-farpado\/","title":{"rendered":"Cerca Concertina Ouri\u00e7o 30cm Muro arrame Farpado"},"content":{"rendered":"<div class=\"wpb-content-wrapper\"><div class=\"vc_row wpb_row vc_row-fluid\"><div class=\"container\"><div class=\"row\"><div class=\"wpb_column vc_column_container vc_col-md-12\"><div class=\"vc_column-inner \"><div class=\"wpb_wrapper\"><div class=\"wpb_single_image widget wpb_content_element vc_align_center\">\r\n\t\t\r\n\t\t<figure class=\"wpb_wrapper vc_figure\">\r\n\t\t\t<div class=\"vc_single_image-wrapper   vc_box_border_grey\"><img decoding=\"async\" class=\"vc_single_image-img\"  src=\"https:\/\/www.lojamelhordosul.com.br\/site\/wp-content\/uploads\/2020\/06\/Logo-Site-2020.png\" \/><\/div>\r\n\t\t<div class=\"description\">\r\n\t\t\t\r\n\t\t<\/div>\r\n\t\r\n\t\t<\/figure>\r\n\t<\/div><\/div><\/div><\/div><\/div><\/div><\/div><div class=\"vc_row wpb_row vc_row-fluid\"><div class=\"container\"><div class=\"row\"><div class=\"wpb_column vc_column_container vc_col-md-12\"><div class=\"vc_column-inner \"><div class=\"wpb_wrapper\">\n\t<div class=\"wpb_text_column wpb_content_element\" >\n\t\t<div class=\"wpb_wrapper\">\n\t\t\t<p>Material: A\u00e7o galvanizado com tratamento galvalume<br \/>\nFabrica\u00e7\u00e3o: HF Metal\u00fargica<br \/>\nDi\u00e2metro\/Altura: 30 cent\u00edmetros<br \/>\nRendimento por rolo (se instalado com o espa\u00e7amento recomendado): 10 metros<br \/>\nEspa\u00e7o entre as voltas (recomendado): 25 cent\u00edmetros<br \/>\nQuantidade de voltas: 40<br \/>\nEspiras\/voltas por metro (quando instalada com o espa\u00e7amento recomendado): 4<\/p>\n\n\t\t<\/div>\n\t<\/div>\n<\/div><\/div><\/div><\/div><\/div><\/div>\n<\/div>","protected":false},"excerpt":{"rendered":"Material: A\u00e7o galvanizado com tratamento galvalume Fabrica\u00e7\u00e3o: HF Metal\u00fargica Di\u00e2metro\/Altura: 30 cent\u00edmetros Rendimento por rolo (se instalado com o espa\u00e7amento recomendado): 10 metros Espa\u00e7o entre as voltas (recomendado): 25 cent\u00edmetros Quantidade de voltas: 40 Espiras\/voltas por metro (quando instalada com o espa\u00e7amento recomendado): 4","protected":false},"featured_media":9843,"comment_status":"open","ping_status":"closed","template":"","meta":[],"product_brand":[],"product_cat":[2749,2746],"product_tag":[],"class_list":{"0":"post-9840","1":"product","2":"type-product","3":"status-publish","4":"has-post-thumbnail","6":"product_cat-acessorios-de-cerca-eletrica","7":"product_cat-cerca-eletrica","9":"first","10":"instock","11":"shipping-taxable","12":"purchasable","13":"product-type-simple"},"yoast_head":"<!-- This site is optimized with the Yoast SEO plugin v27.5 - https:\/\/yoast.com\/product\/yoast-seo-wordpress\/ -->\n<title>Cerca Concertina Ouri\u00e7o 30cm Muro arrame Farpado - Loja Melhor do Sul Sistemas de Seguran\u00e7a<\/title>\n<meta name=\"robots\" content=\"index, follow, max-snippet:-1, max-image-preview:large, max-video-preview:-1\" \/>\n<link rel=\"canonical\" href=\"https:\/\/www.lojamelhordosul.com.br\/site\/produto\/cerca-concertina-ourico-30cm-p-8m-muro-galvalume-farpado\/\" \/>\n<meta property=\"og:locale\" content=\"pt_BR\" \/>\n<meta property=\"og:type\" content=\"article\" \/>\n<meta property=\"og:title\" content=\"Cerca Concertina Ouri\u00e7o 30cm Muro arrame Farpado - Loja Melhor do Sul Sistemas de Seguran\u00e7a\" \/>\n<meta property=\"og:url\" content=\"https:\/\/www.lojamelhordosul.com.br\/site\/produto\/cerca-concertina-ourico-30cm-p-8m-muro-galvalume-farpado\/\" \/>\n<meta property=\"og:site_name\" content=\"Loja Melhor do Sul Sistemas de Seguran\u00e7a\" \/>\n<meta property=\"article:modified_time\" content=\"2025-07-31T17:24:43+00:00\" \/>\n<meta property=\"og:image\" content=\"https:\/\/www.lojamelhordosul.com.br\/site\/wp-content\/uploads\/2020\/11\/Concertina.jpg\" \/>\n\t<meta property=\"og:image:width\" content=\"600\" \/>\n\t<meta property=\"og:image:height\" content=\"600\" \/>\n\t<meta property=\"og:image:type\" content=\"image\/jpeg\" \/>\n<meta name=\"twitter:card\" content=\"summary_large_image\" \/>\n<script type=\"application\/ld+json\" class=\"yoast-schema-graph\">{\"@context\":\"https:\\\/\\\/schema.org\",\"@graph\":[{\"@type\":\"WebPage\",\"@id\":\"https:\\\/\\\/www.lojamelhordosul.com.br\\\/site\\\/produto\\\/cerca-concertina-ourico-30cm-p-8m-muro-galvalume-farpado\\\/\",\"url\":\"https:\\\/\\\/www.lojamelhordosul.com.br\\\/site\\\/produto\\\/cerca-concertina-ourico-30cm-p-8m-muro-galvalume-farpado\\\/\",\"name\":\"Cerca Concertina Ouri\u00e7o 30cm Muro arrame Farpado - Loja Melhor do Sul Sistemas de Seguran\u00e7a\",\"isPartOf\":{\"@id\":\"https:\\\/\\\/www.lojamelhordosul.com.br\\\/site\\\/#website\"},\"primaryImageOfPage\":{\"@id\":\"https:\\\/\\\/www.lojamelhordosul.com.br\\\/site\\\/produto\\\/cerca-concertina-ourico-30cm-p-8m-muro-galvalume-farpado\\\/#primaryimage\"},\"image\":{\"@id\":\"https:\\\/\\\/www.lojamelhordosul.com.br\\\/site\\\/produto\\\/cerca-concertina-ourico-30cm-p-8m-muro-galvalume-farpado\\\/#primaryimage\"},\"thumbnailUrl\":\"https:\\\/\\\/www.lojamelhordosul.com.br\\\/site\\\/wp-content\\\/uploads\\\/2020\\\/11\\\/Concertina.jpg\",\"datePublished\":\"2020-11-04T17:28:56+00:00\",\"dateModified\":\"2025-07-31T17:24:43+00:00\",\"breadcrumb\":{\"@id\":\"https:\\\/\\\/www.lojamelhordosul.com.br\\\/site\\\/produto\\\/cerca-concertina-ourico-30cm-p-8m-muro-galvalume-farpado\\\/#breadcrumb\"},\"inLanguage\":\"pt-BR\",\"potentialAction\":[{\"@type\":\"ReadAction\",\"target\":[\"https:\\\/\\\/www.lojamelhordosul.com.br\\\/site\\\/produto\\\/cerca-concertina-ourico-30cm-p-8m-muro-galvalume-farpado\\\/\"]}]},{\"@type\":\"ImageObject\",\"inLanguage\":\"pt-BR\",\"@id\":\"https:\\\/\\\/www.lojamelhordosul.com.br\\\/site\\\/produto\\\/cerca-concertina-ourico-30cm-p-8m-muro-galvalume-farpado\\\/#primaryimage\",\"url\":\"https:\\\/\\\/www.lojamelhordosul.com.br\\\/site\\\/wp-content\\\/uploads\\\/2020\\\/11\\\/Concertina.jpg\",\"contentUrl\":\"https:\\\/\\\/www.lojamelhordosul.com.br\\\/site\\\/wp-content\\\/uploads\\\/2020\\\/11\\\/Concertina.jpg\",\"width\":600,\"height\":600},{\"@type\":\"BreadcrumbList\",\"@id\":\"https:\\\/\\\/www.lojamelhordosul.com.br\\\/site\\\/produto\\\/cerca-concertina-ourico-30cm-p-8m-muro-galvalume-farpado\\\/#breadcrumb\",\"itemListElement\":[{\"@type\":\"ListItem\",\"position\":1,\"name\":\"In\u00edcio\",\"item\":\"https:\\\/\\\/www.lojamelhordosul.com.br\\\/site\\\/\"},{\"@type\":\"ListItem\",\"position\":2,\"name\":\"Loja\",\"item\":\"https:\\\/\\\/www.lojamelhordosul.com.br\\\/site\\\/loja\\\/\"},{\"@type\":\"ListItem\",\"position\":3,\"name\":\"Cerca Concertina Ouri\u00e7o 30cm Muro arrame Farpado\"}]},{\"@type\":\"WebSite\",\"@id\":\"https:\\\/\\\/www.lojamelhordosul.com.br\\\/site\\\/#website\",\"url\":\"https:\\\/\\\/www.lojamelhordosul.com.br\\\/site\\\/\",\"name\":\"Loja Melhor do Sul Sistemas de Seguran\u00e7a\",\"description\":\"Loja Melhor do Sul - Revenda Ouro Intelbras em Porto Alegre\",\"publisher\":{\"@id\":\"https:\\\/\\\/www.lojamelhordosul.com.br\\\/site\\\/#organization\"},\"potentialAction\":[{\"@type\":\"SearchAction\",\"target\":{\"@type\":\"EntryPoint\",\"urlTemplate\":\"https:\\\/\\\/www.lojamelhordosul.com.br\\\/site\\\/?s={search_term_string}\"},\"query-input\":{\"@type\":\"PropertyValueSpecification\",\"valueRequired\":true,\"valueName\":\"search_term_string\"}}],\"inLanguage\":\"pt-BR\"},{\"@type\":\"Organization\",\"@id\":\"https:\\\/\\\/www.lojamelhordosul.com.br\\\/site\\\/#organization\",\"name\":\"Loja Melhor do Sul\",\"url\":\"https:\\\/\\\/www.lojamelhordosul.com.br\\\/site\\\/\",\"logo\":{\"@type\":\"ImageObject\",\"inLanguage\":\"pt-BR\",\"@id\":\"https:\\\/\\\/www.lojamelhordosul.com.br\\\/site\\\/#\\\/schema\\\/logo\\\/image\\\/\",\"url\":\"https:\\\/\\\/www.lojamelhordosul.com.br\\\/site\\\/wp-content\\\/uploads\\\/2019\\\/10\\\/logo-longo-da-loja.png\",\"contentUrl\":\"https:\\\/\\\/www.lojamelhordosul.com.br\\\/site\\\/wp-content\\\/uploads\\\/2019\\\/10\\\/logo-longo-da-loja.png\",\"width\":597,\"height\":114,\"caption\":\"Loja Melhor do Sul\"},\"image\":{\"@id\":\"https:\\\/\\\/www.lojamelhordosul.com.br\\\/site\\\/#\\\/schema\\\/logo\\\/image\\\/\"}}]}<\/script>\n<!-- \/ Yoast SEO plugin. -->","yoast_head_json":{"title":"Cerca Concertina Ouri\u00e7o 30cm Muro arrame Farpado - Loja Melhor do Sul Sistemas de Seguran\u00e7a","robots":{"index":"index","follow":"follow","max-snippet":"max-snippet:-1","max-image-preview":"max-image-preview:large","max-video-preview":"max-video-preview:-1"},"canonical":"https:\/\/www.lojamelhordosul.com.br\/site\/produto\/cerca-concertina-ourico-30cm-p-8m-muro-galvalume-farpado\/","og_locale":"pt_BR","og_type":"article","og_title":"Cerca Concertina Ouri\u00e7o 30cm Muro arrame Farpado - Loja Melhor do Sul Sistemas de Seguran\u00e7a","og_url":"https:\/\/www.lojamelhordosul.com.br\/site\/produto\/cerca-concertina-ourico-30cm-p-8m-muro-galvalume-farpado\/","og_site_name":"Loja Melhor do Sul Sistemas de Seguran\u00e7a","article_modified_time":"2025-07-31T17:24:43+00:00","og_image":[{"width":600,"height":600,"url":"https:\/\/www.lojamelhordosul.com.br\/site\/wp-content\/uploads\/2020\/11\/Concertina.jpg","type":"image\/jpeg"}],"twitter_card":"summary_large_image","schema":{"@context":"https:\/\/schema.org","@graph":[{"@type":"WebPage","@id":"https:\/\/www.lojamelhordosul.com.br\/site\/produto\/cerca-concertina-ourico-30cm-p-8m-muro-galvalume-farpado\/","url":"https:\/\/www.lojamelhordosul.com.br\/site\/produto\/cerca-concertina-ourico-30cm-p-8m-muro-galvalume-farpado\/","name":"Cerca Concertina Ouri\u00e7o 30cm Muro arrame Farpado - Loja Melhor do Sul Sistemas de Seguran\u00e7a","isPartOf":{"@id":"https:\/\/www.lojamelhordosul.com.br\/site\/#website"},"primaryImageOfPage":{"@id":"https:\/\/www.lojamelhordosul.com.br\/site\/produto\/cerca-concertina-ourico-30cm-p-8m-muro-galvalume-farpado\/#primaryimage"},"image":{"@id":"https:\/\/www.lojamelhordosul.com.br\/site\/produto\/cerca-concertina-ourico-30cm-p-8m-muro-galvalume-farpado\/#primaryimage"},"thumbnailUrl":"https:\/\/www.lojamelhordosul.com.br\/site\/wp-content\/uploads\/2020\/11\/Concertina.jpg","datePublished":"2020-11-04T17:28:56+00:00","dateModified":"2025-07-31T17:24:43+00:00","breadcrumb":{"@id":"https:\/\/www.lojamelhordosul.com.br\/site\/produto\/cerca-concertina-ourico-30cm-p-8m-muro-galvalume-farpado\/#breadcrumb"},"inLanguage":"pt-BR","potentialAction":[{"@type":"ReadAction","target":["https:\/\/www.lojamelhordosul.com.br\/site\/produto\/cerca-concertina-ourico-30cm-p-8m-muro-galvalume-farpado\/"]}]},{"@type":"ImageObject","inLanguage":"pt-BR","@id":"https:\/\/www.lojamelhordosul.com.br\/site\/produto\/cerca-concertina-ourico-30cm-p-8m-muro-galvalume-farpado\/#primaryimage","url":"https:\/\/www.lojamelhordosul.com.br\/site\/wp-content\/uploads\/2020\/11\/Concertina.jpg","contentUrl":"https:\/\/www.lojamelhordosul.com.br\/site\/wp-content\/uploads\/2020\/11\/Concertina.jpg","width":600,"height":600},{"@type":"BreadcrumbList","@id":"https:\/\/www.lojamelhordosul.com.br\/site\/produto\/cerca-concertina-ourico-30cm-p-8m-muro-galvalume-farpado\/#breadcrumb","itemListElement":[{"@type":"ListItem","position":1,"name":"In\u00edcio","item":"https:\/\/www.lojamelhordosul.com.br\/site\/"},{"@type":"ListItem","position":2,"name":"Loja","item":"https:\/\/www.lojamelhordosul.com.br\/site\/loja\/"},{"@type":"ListItem","position":3,"name":"Cerca Concertina Ouri\u00e7o 30cm Muro arrame Farpado"}]},{"@type":"WebSite","@id":"https:\/\/www.lojamelhordosul.com.br\/site\/#website","url":"https:\/\/www.lojamelhordosul.com.br\/site\/","name":"Loja Melhor do Sul Sistemas de Seguran\u00e7a","description":"Loja Melhor do Sul - Revenda Ouro Intelbras em Porto Alegre","publisher":{"@id":"https:\/\/www.lojamelhordosul.com.br\/site\/#organization"},"potentialAction":[{"@type":"SearchAction","target":{"@type":"EntryPoint","urlTemplate":"https:\/\/www.lojamelhordosul.com.br\/site\/?s={search_term_string}"},"query-input":{"@type":"PropertyValueSpecification","valueRequired":true,"valueName":"search_term_string"}}],"inLanguage":"pt-BR"},{"@type":"Organization","@id":"https:\/\/www.lojamelhordosul.com.br\/site\/#organization","name":"Loja Melhor do Sul","url":"https:\/\/www.lojamelhordosul.com.br\/site\/","logo":{"@type":"ImageObject","inLanguage":"pt-BR","@id":"https:\/\/www.lojamelhordosul.com.br\/site\/#\/schema\/logo\/image\/","url":"https:\/\/www.lojamelhordosul.com.br\/site\/wp-content\/uploads\/2019\/10\/logo-longo-da-loja.png","contentUrl":"https:\/\/www.lojamelhordosul.com.br\/site\/wp-content\/uploads\/2019\/10\/logo-longo-da-loja.png","width":597,"height":114,"caption":"Loja Melhor do Sul"},"image":{"@id":"https:\/\/www.lojamelhordosul.com.br\/site\/#\/schema\/logo\/image\/"}}]}},"_links":{"self":[{"href":"https:\/\/www.lojamelhordosul.com.br\/site\/wp-json\/wp\/v2\/product\/9840","targetHints":{"allow":["GET"]}}],"collection":[{"href":"https:\/\/www.lojamelhordosul.com.br\/site\/wp-json\/wp\/v2\/product"}],"about":[{"href":"https:\/\/www.lojamelhordosul.com.br\/site\/wp-json\/wp\/v2\/types\/product"}],"replies":[{"embeddable":true,"href":"https:\/\/www.lojamelhordosul.com.br\/site\/wp-json\/wp\/v2\/comments?post=9840"}],"wp:featuredmedia":[{"embeddable":true,"href":"https:\/\/www.lojamelhordosul.com.br\/site\/wp-json\/wp\/v2\/media\/9843"}],"wp:attachment":[{"href":"https:\/\/www.lojamelhordosul.com.br\/site\/wp-json\/wp\/v2\/media?parent=9840"}],"wp:term":[{"taxonomy":"product_brand","embeddable":true,"href":"https:\/\/www.lojamelhordosul.com.br\/site\/wp-json\/wp\/v2\/product_brand?post=9840"},{"taxonomy":"product_cat","embeddable":true,"href":"https:\/\/www.lojamelhordosul.com.br\/site\/wp-json\/wp\/v2\/product_cat?post=9840"},{"taxonomy":"product_tag","embeddable":true,"href":"https:\/\/www.lojamelhordosul.com.br\/site\/wp-json\/wp\/v2\/product_tag?post=9840"}],"curies":[{"name":"wp","href":"https:\/\/api.w.org\/{rel}","templated":true}]}}